{"id":3046,"date":"2017-12-01T11:45:28","date_gmt":"2017-12-01T10:45:28","guid":{"rendered":"http:\/\/www.cemastir.de\/?page_id=3046"},"modified":"2026-01-13T12:49:56","modified_gmt":"2026-01-13T11:49:56","slug":"rolunk","status":"publish","type":"page","link":"https:\/\/www.bremax.de\/hu\/ueber-uns\/","title":{"rendered":"R\u00f3lunk"},"content":{"rendered":"<div data-elementor-type=\"wp-page\" data-elementor-id=\"3046\" class=\"elementor elementor-3046\" data-elementor-post-type=\"page\">\n\t\t\t\t<div class=\"elementor-element elementor-element-b21d1ba e-flex e-con-boxed e-con e-parent\" data-id=\"b21d1ba\" data-element_type=\"container\" data-e-type=\"container\" data-settings=\"{&quot;background_background&quot;:&quot;classic&quot;}\">\n\t\t\t\t\t<div class=\"e-con-inner\">\n\t\t<div class=\"elementor-element elementor-element-8f3732e e-con-full e-flex e-con e-child\" data-id=\"8f3732e\" data-element_type=\"container\" data-e-type=\"container\">\n\t\t\t\t<div class=\"elementor-element elementor-element-336e793 elementor-widget-laptop__width-initial elementor-widget elementor-widget-heading\" data-id=\"336e793\" data-element_type=\"widget\" data-e-type=\"widget\" data-widget_type=\"heading.default\">\n\t\t\t\t\t<h1 class=\"elementor-heading-title elementor-size-default\">R\u00f3lunk<\/h1>\t\t\t\t<\/div>\n\t\t\t\t<\/div>\n\t\t\t\t\t<\/div>\n\t\t\t\t<\/div>\n\t\t<div class=\"elementor-element elementor-element-b9836e3 e-flex e-con-boxed e-con e-parent\" data-id=\"b9836e3\" data-element_type=\"container\" data-e-type=\"container\" data-settings=\"{&quot;background_background&quot;:&quot;classic&quot;}\">\n\t\t\t\t\t<div class=\"e-con-inner\">\n\t\t<div class=\"elementor-element elementor-element-da9fd02 e-con-full e-flex e-con e-child\" data-id=\"da9fd02\" data-element_type=\"container\" data-e-type=\"container\">\n\t\t\t\t<div class=\"elementor-element elementor-element-d31d876 elementor-widget__width-auto elementor-widget elementor-widget-heading\" data-id=\"d31d876\" data-element_type=\"widget\" data-e-type=\"widget\" data-widget_type=\"heading.default\">\n\t\t\t\t\t<span class=\"elementor-heading-title elementor-size-default\">R\u00f3lunk<\/span>\t\t\t\t<\/div>\n\t\t\t\t<div class=\"elementor-element elementor-element-6d3a40c elementor-widget elementor-widget-heading\" data-id=\"6d3a40c\" data-element_type=\"widget\" data-e-type=\"widget\" data-widget_type=\"heading.default\">\n\t\t\t\t\t<h2 class=\"elementor-heading-title elementor-size-default\">A BREMAX m\u00e9rf\u00f6ldk\u00f6vei<\/h2>\t\t\t\t<\/div>\n\t\t\t\t<div class=\"elementor-element elementor-element-0439637 elementor-widget elementor-widget-text-editor\" data-id=\"0439637\" data-element_type=\"widget\" data-e-type=\"widget\" data-widget_type=\"text-editor.default\">\n\t\t\t\t\t\t\t\t\t<p>A BREMAX GmbH \u00e9vtizedes m\u00faltra tekint vissza, \u00e9s ma m\u00e1r nemzetk\u00f6zi \u00e9s kompetens partnerk\u00e9nt \u00e1ll az \u00d6n mellett az alkatr\u00e9sztiszt\u00edt\u00e1s vil\u00e1g\u00e1ban. Alkatr\u00e9sztiszt\u00edt\u00f3 berendez\u00e9seket tervez\u00fcnk \u00e9s forgalmazunk szinte minden ipari \u00e1gazatban a vizes \u00e9s old\u00f3szeres ter\u00fcleteken.<br \/>A BREMAX p\u00e1ratlan vertik\u00e1lis gy\u00e1rt\u00e1si palett\u00e1val rendelkezik. F\u00fcggetlen\u00fcl att\u00f3l, hogy szabv\u00e1nyos vagy egyedi megold\u00e1sra van sz\u00fcks\u00e9ge, t\u00e1mogatjuk \u00d6nt a kezdeti feladatt\u00f3l kezdve az alkatr\u00e9sztiszt\u00edt\u00f3 rendszer specifik\u00e1ci\u00f3inak megfelel\u0151 gy\u00e1rt\u00e1s\u00e1n kereszt\u00fcl a rendszer \u00fczembe helyez\u00e9s\u00e9ig, bele\u00e9rtve a szervizel\u00e9st, a karbantart\u00e1st \u00e9s a p\u00f3talkatr\u00e9szeket.\u00a0<\/p><p>Mi is m\u0171k\u00f6dtetj\u00fck a <a href=\"https:\/\/www.bremax.de\/hu\/alkatreszek-tisztitasa\/bertakaritas\/\">Szerz\u0151d\u00e9ses takar\u00edt\u00e1s<\/a> az \u00fcgyf\u00e9l saj\u00e1t alkatr\u00e9szei, mint teljes k\u00f6r\u0171 szolg\u00e1ltat\u00e1st ny\u00fajt\u00f3 szolg\u00e1ltat\u00f3.<\/p>\t\t\t\t\t\t\t\t<\/div>\n\t\t\t\t<\/div>\n\t\t<div class=\"elementor-element elementor-element-281adc8 e-con-full e-flex e-con e-child\" data-id=\"281adc8\" data-element_type=\"container\" data-e-type=\"container\">\n\t\t\t\t<div class=\"elementor-element elementor-element-db75fc8 elementor-widget elementor-widget-image\" data-id=\"db75fc8\" data-element_type=\"widget\" data-e-type=\"widget\" data-widget_type=\"image.default\">\n\t\t\t\t\t\t\t\t\t\t\t\t\t\t\t<img fetchpriority=\"high\" decoding=\"async\" width=\"800\" height=\"373\" src=\"https:\/\/www.bremax.de\/wp-content\/uploads\/2025\/11\/AdobeStock_1763339135-1024x478.jpeg\" class=\"attachment-large size-large wp-image-13684\" alt=\"\" srcset=\"https:\/\/www.bremax.de\/wp-content\/uploads\/2025\/11\/AdobeStock_1763339135-1024x478.jpeg 1024w, https:\/\/www.bremax.de\/wp-content\/uploads\/2025\/11\/AdobeStock_1763339135-300x140.jpeg 300w, https:\/\/www.bremax.de\/wp-content\/uploads\/2025\/11\/AdobeStock_1763339135-768x358.jpeg 768w, https:\/\/www.bremax.de\/wp-content\/uploads\/2025\/11\/AdobeStock_1763339135-1536x717.jpeg 1536w, https:\/\/www.bremax.de\/wp-content\/uploads\/2025\/11\/AdobeStock_1763339135-2048x956.jpeg 2048w, https:\/\/www.bremax.de\/wp-content\/uploads\/2025\/11\/AdobeStock_1763339135-18x8.jpeg 18w\" sizes=\"(max-width: 800px) 100vw, 800px\" \/>\t\t\t\t\t\t\t\t\t\t\t\t\t\t\t<\/div>\n\t\t\t\t<\/div>\n\t\t\t\t\t<\/div>\n\t\t\t\t<\/div>\n\t\t<div class=\"elementor-element elementor-element-8e9d14a e-flex e-con-boxed e-con e-parent\" data-id=\"8e9d14a\" data-element_type=\"container\" data-e-type=\"container\" data-settings=\"{&quot;background_background&quot;:&quot;classic&quot;}\">\n\t\t\t\t\t<div class=\"e-con-inner\">\n\t\t\t\t<div class=\"elementor-element elementor-element-9dc68a4 elementor-widget elementor-widget-n-accordion\" data-id=\"9dc68a4\" data-element_type=\"widget\" data-e-type=\"widget\" data-settings=\"{&quot;default_state&quot;:&quot;expanded&quot;,&quot;max_items_expended&quot;:&quot;one&quot;,&quot;n_accordion_animation_duration&quot;:{&quot;unit&quot;:&quot;ms&quot;,&quot;size&quot;:400,&quot;sizes&quot;:[]}}\" data-widget_type=\"nested-accordion.default\">\n\t\t\t\t\t\t\t<div class=\"e-n-accordion\" aria-label=\"Harmonika. A linkeket az Enter vagy a sz\u00f3k\u00f6z billenty\u0171vel nyithatja meg, az Escape billenty\u0171vel z\u00e1rhatja be, \u00e9s a ny\u00edlbillenty\u0171kkel navig\u00e1lhat.\">\n\t\t\t\t\t\t<details id=\"e-n-accordion-item-1650\" class=\"e-n-accordion-item\" open>\n\t\t\t\t<summary class=\"e-n-accordion-item-title\" data-accordion-index=\"1\" tabindex=\"0\" aria-expanded=\"true\" aria-controls=\"e-n-accordion-item-1650\" >\n\t\t\t\t\t<span class='e-n-accordion-item-title-header'><div class=\"e-n-accordion-item-title-text\"> 2008 <\/div><\/span>\n\t\t\t\t\t\t\t<span class='e-n-accordion-item-title-icon'>\n\t\t\t<span class='e-opened' ><svg aria-hidden=\"true\" class=\"e-font-icon-svg e-fas-minus\" viewbox=\"0 0 448 512\" xmlns=\"http:\/\/www.w3.org\/2000\/svg\"><path d=\"M416 208H32c-17.67 0-32 14.33-32 32v32c0 17.67 14.33 32 32 32h384c17.67 0 32-14.33 32-32v-32c0-17.67-14.33-32-32-32z\"><\/path><\/svg><\/span>\n\t\t\t<span class='e-closed'><svg aria-hidden=\"true\" class=\"e-font-icon-svg e-fas-plus\" viewbox=\"0 0 448 512\" xmlns=\"http:\/\/www.w3.org\/2000\/svg\"><path d=\"M416 208H272V64c0-17.67-14.33-32-32-32h-32c-17.67 0-32 14.33-32 32v144H32c-17.67 0-32 14.33-32 32v32c0 17.67 14.33 32 32 32h144v144c0 17.67 14.33 32 32 32h32c17.67 0 32-14.33 32-32V304h144c17.67 0 32-14.33 32-32v-32c0-17.67-14.33-32-32-32z\"><\/path><\/svg><\/span>\n\t\t<\/span>\n\n\t\t\t\t\t\t<\/summary>\n\t\t\t\t<div role=\"region\" aria-labelledby=\"e-n-accordion-item-1650\" class=\"elementor-element elementor-element-5cb418f e-con-full e-flex e-con e-child\" data-id=\"5cb418f\" data-element_type=\"container\" data-e-type=\"container\" data-settings=\"{&quot;background_background&quot;:&quot;classic&quot;}\">\n\t\t<div role=\"region\" aria-labelledby=\"e-n-accordion-item-1650\" class=\"elementor-element elementor-element-559303e e-con-full e-flex e-con e-child\" data-id=\"559303e\" data-element_type=\"container\" data-e-type=\"container\">\n\t\t\t\t<div class=\"elementor-element elementor-element-a69fcd5 elementor-widget elementor-widget-heading\" data-id=\"a69fcd5\" data-element_type=\"widget\" data-e-type=\"widget\" data-widget_type=\"heading.default\">\n\t\t\t\t\t<span class=\"elementor-heading-title elementor-size-default\">Az ipari alkatr\u00e9sztiszt\u00edt\u00e1s vil\u00e1g\u00e1ba val\u00f3 bel\u00e9p\u00e9s<\/span>\t\t\t\t<\/div>\n\t\t\t\t<div class=\"elementor-element elementor-element-5d002b5 elementor-widget elementor-widget-text-editor\" data-id=\"5d002b5\" data-element_type=\"widget\" data-e-type=\"widget\" data-widget_type=\"text-editor.default\">\n\t\t\t\t\t\t\t\t\t<p>A Bremax GmbH t\u00f6rt\u00e9nete 2008-ban kezd\u0151d\u00f6tt, amikor jelenlegi \u00fcgyvezet\u0151nk egy Osnabr\u00fcck melletti v\u00e1llalatn\u00e1l bet\u00f6lt\u00f6tte az alkatr\u00e9sztiszt\u00edt\u00f3 g\u00e9pek eur\u00f3pai \u00e9rt\u00e9kes\u00edt\u00e9si vezet\u0151i poz\u00edci\u00f3j\u00e1t. A v\u00e1llalat m\u00e1r akkor szoros kapcsolatot \u00e1polt az olaszorsz\u00e1gi iLSA-val az old\u00f3szeres rendszerek tekintet\u00e9ben, de a speci\u00e1lis rendszereket maga a mellei telephelyen tervezte \u00e9s \u00e9p\u00edtette. Egy csapat n\u0151tt \u00f6ssze, amely a mai napig sikeresen dolgozik egy\u00fctt az alkatr\u00e9szgy\u00e1rt\u00e1sban. De err\u0151l majd k\u00e9s\u0151bb...<\/p>\t\t\t\t\t\t\t\t<\/div>\n\t\t\t\t<\/div>\n\t\t\t\t<\/div>\n\t\t\t\t\t<\/details>\n\t\t\t\t\t\t<details id=\"e-n-accordion-item-1651\" class=\"e-n-accordion-item\" >\n\t\t\t\t<summary class=\"e-n-accordion-item-title\" data-accordion-index=\"2\" tabindex=\"-1\" aria-expanded=\"false\" aria-controls=\"e-n-accordion-item-1651\" >\n\t\t\t\t\t<span class='e-n-accordion-item-title-header'><div class=\"e-n-accordion-item-title-text\"> 2012 <\/div><\/span>\n\t\t\t\t\t\t\t<span class='e-n-accordion-item-title-icon'>\n\t\t\t<span class='e-opened' ><svg aria-hidden=\"true\" class=\"e-font-icon-svg e-fas-minus\" viewbox=\"0 0 448 512\" xmlns=\"http:\/\/www.w3.org\/2000\/svg\"><path d=\"M416 208H32c-17.67 0-32 14.33-32 32v32c0 17.67 14.33 32 32 32h384c17.67 0 32-14.33 32-32v-32c0-17.67-14.33-32-32-32z\"><\/path><\/svg><\/span>\n\t\t\t<span class='e-closed'><svg aria-hidden=\"true\" class=\"e-font-icon-svg e-fas-plus\" viewbox=\"0 0 448 512\" xmlns=\"http:\/\/www.w3.org\/2000\/svg\"><path d=\"M416 208H272V64c0-17.67-14.33-32-32-32h-32c-17.67 0-32 14.33-32 32v144H32c-17.67 0-32 14.33-32 32v32c0 17.67 14.33 32 32 32h144v144c0 17.67 14.33 32 32 32h32c17.67 0 32-14.33 32-32V304h144c17.67 0 32-14.33 32-32v-32c0-17.67-14.33-32-32-32z\"><\/path><\/svg><\/span>\n\t\t<\/span>\n\n\t\t\t\t\t\t<\/summary>\n\t\t\t\t<div role=\"region\" aria-labelledby=\"e-n-accordion-item-1651\" class=\"elementor-element elementor-element-ea9863f e-con-full e-flex e-con e-child\" data-id=\"ea9863f\" data-element_type=\"container\" data-e-type=\"container\" data-settings=\"{&quot;background_background&quot;:&quot;classic&quot;}\">\n\t\t<div role=\"region\" aria-labelledby=\"e-n-accordion-item-1651\" class=\"elementor-element elementor-element-eea176e e-con-full e-flex e-con e-child\" data-id=\"eea176e\" data-element_type=\"container\" data-e-type=\"container\">\n\t\t\t\t<div class=\"elementor-element elementor-element-57ec04a elementor-widget elementor-widget-heading\" data-id=\"57ec04a\" data-element_type=\"widget\" data-e-type=\"widget\" data-widget_type=\"heading.default\">\n\t\t\t\t\t<span class=\"elementor-heading-title elementor-size-default\">A CEMASTiR \u00faj besz\u00e1ll\u00edt\u00f3ja lesz<\/span>\t\t\t\t<\/div>\n\t\t\t\t<div class=\"elementor-element elementor-element-76f5979 elementor-widget elementor-widget-text-editor\" data-id=\"76f5979\" data-element_type=\"widget\" data-e-type=\"widget\" data-widget_type=\"text-editor.default\">\n\t\t\t\t\t\t\t\t\t<div class=\"btText\"><p>Id\u00e9n v\u00e1ltoz\u00e1s t\u00f6rt\u00e9nt a besz\u00e1ll\u00edt\u00f3i oldalon. Christian Mahnken \u00fcgyvezet\u0151 igazgat\u00f3nk \u00faj partnert keresett, hogy b\u0151v\u00edtse a term\u00e9kpalett\u00e1t az \u00fcgyfelek sz\u00e1m\u00e1ra, \u00e9s az akkori bolognai sz\u00e9khely\u0171 Cemastir csoport mellett d\u00f6nt\u00f6tt. A Cemastir sokkal nagyobb vertik\u00e1lis gy\u00e1rt\u00e1si palett\u00e1val rendelkezett; az old\u00f3szeres rendszerek mellett a Cemastir vizes alapon is fejlesztett \u00e9s gy\u00e1rtott alkatr\u00e9sztiszt\u00edt\u00f3 rendszereket (folyamatos rendszerek, forg\u00f3 \u00e1tad\u00f3rendszerek, t\u00f6bbkamr\u00e1s mer\u00fcl\u0151 rendszerek stb.). \u00a0\u00a0<\/p><\/div>\t\t\t\t\t\t\t\t<\/div>\n\t\t\t\t<\/div>\n\t\t\t\t<\/div>\n\t\t\t\t\t<\/details>\n\t\t\t\t\t\t<details id=\"e-n-accordion-item-1652\" class=\"e-n-accordion-item\" >\n\t\t\t\t<summary class=\"e-n-accordion-item-title\" data-accordion-index=\"3\" tabindex=\"-1\" aria-expanded=\"false\" aria-controls=\"e-n-accordion-item-1652\" >\n\t\t\t\t\t<span class='e-n-accordion-item-title-header'><div class=\"e-n-accordion-item-title-text\"> 2016 <\/div><\/span>\n\t\t\t\t\t\t\t<span class='e-n-accordion-item-title-icon'>\n\t\t\t<span class='e-opened' ><svg aria-hidden=\"true\" class=\"e-font-icon-svg e-fas-minus\" viewbox=\"0 0 448 512\" xmlns=\"http:\/\/www.w3.org\/2000\/svg\"><path d=\"M416 208H32c-17.67 0-32 14.33-32 32v32c0 17.67 14.33 32 32 32h384c17.67 0 32-14.33 32-32v-32c0-17.67-14.33-32-32-32z\"><\/path><\/svg><\/span>\n\t\t\t<span class='e-closed'><svg aria-hidden=\"true\" class=\"e-font-icon-svg e-fas-plus\" viewbox=\"0 0 448 512\" xmlns=\"http:\/\/www.w3.org\/2000\/svg\"><path d=\"M416 208H272V64c0-17.67-14.33-32-32-32h-32c-17.67 0-32 14.33-32 32v144H32c-17.67 0-32 14.33-32 32v32c0 17.67 14.33 32 32 32h144v144c0 17.67 14.33 32 32 32h32c17.67 0 32-14.33 32-32V304h144c17.67 0 32-14.33 32-32v-32c0-17.67-14.33-32-32-32z\"><\/path><\/svg><\/span>\n\t\t<\/span>\n\n\t\t\t\t\t\t<\/summary>\n\t\t\t\t<div role=\"region\" aria-labelledby=\"e-n-accordion-item-1652\" class=\"elementor-element elementor-element-cc0f971 e-con-full e-flex e-con e-child\" data-id=\"cc0f971\" data-element_type=\"container\" data-e-type=\"container\" data-settings=\"{&quot;background_background&quot;:&quot;classic&quot;}\">\n\t\t<div role=\"region\" aria-labelledby=\"e-n-accordion-item-1652\" class=\"elementor-element elementor-element-15e6346 e-con-full e-flex e-con e-child\" data-id=\"15e6346\" data-element_type=\"container\" data-e-type=\"container\">\n\t\t\t\t<div class=\"elementor-element elementor-element-31ccfdd elementor-widget elementor-widget-heading\" data-id=\"31ccfdd\" data-element_type=\"widget\" data-e-type=\"widget\" data-widget_type=\"heading.default\">\n\t\t\t\t\t<span class=\"elementor-heading-title elementor-size-default\">\u00daj telephelyre k\u00f6lt\u00f6z\u00e9s Olaszorsz\u00e1gban<\/span>\t\t\t\t<\/div>\n\t\t<div role=\"region\" aria-labelledby=\"e-n-accordion-item-1652\" class=\"elementor-element elementor-element-72b8acd e-con-full e-flex e-con e-child\" data-id=\"72b8acd\" data-element_type=\"container\" data-e-type=\"container\">\n\t\t<div role=\"region\" aria-labelledby=\"e-n-accordion-item-1652\" class=\"elementor-element elementor-element-88c1bf0 e-con-full e-flex e-con e-child\" data-id=\"88c1bf0\" data-element_type=\"container\" data-e-type=\"container\">\n\t\t\t\t<div class=\"elementor-element elementor-element-3c52543 elementor-widget elementor-widget-text-editor\" data-id=\"3c52543\" data-element_type=\"widget\" data-e-type=\"widget\" data-widget_type=\"text-editor.default\">\n\t\t\t\t\t\t\t\t\t<div class=\"btText\"><p>Igen, az \u00fczlet nem ment rosszul a Cemastirban. Az elm\u00falt \u00e9vekben vil\u00e1gszerte forgalmaz\u00f3kat hoztak l\u00e9tre, hogy a Cemastir term\u00e9keit nemzetk\u00f6zi szinten \u00e9rt\u00e9kes\u00edts\u00e9k. Emellett a Cemastir tov\u00e1bb \u00f6sszpontos\u00edtotta folyamatos jelenl\u00e9t\u00e9t a vezet\u0151 nemzetk\u00f6zi alkatr\u00e9sztiszt\u00edt\u00f3 v\u00e1s\u00e1rokon, \u00e9s 2016-ban m\u00e1r nem tudta kiel\u00e9g\u00edteni a glob\u00e1lis keresletet a r\u00e9gi telephely\u00e9n.<\/p><p>Csak egy logikus k\u00f6vetkezm\u00e9nye volt a n\u00f6veked\u00e9s tov\u00e1bbi b\u0151v\u00edt\u00e9se, \u00e9s ez vezetett a Cemastir \u00faj \u00fczlethelyis\u00e9gekbe a Bologn\u00e1ban ( Olaszorsz\u00e1g ) tal\u00e1lhat\u00f3 \u201cZola Predosa\u201d ipari ter\u00fcleten 2017 janu\u00e1rj\u00e1ban. \u00dajabb m\u00e9rf\u00f6ldk\u0151h\u00f6z \u00e9rkezett a v\u00e1llalat t\u00f6rt\u00e9net\u00e9ben.<\/p><\/div>\t\t\t\t\t\t\t\t<\/div>\n\t\t\t\t<\/div>\n\t\t<div role=\"region\" aria-labelledby=\"e-n-accordion-item-1652\" class=\"elementor-element elementor-element-f17c111 e-con-full e-flex e-con e-child\" data-id=\"f17c111\" data-element_type=\"container\" data-e-type=\"container\">\n\t\t\t\t<div class=\"elementor-element elementor-element-d98f7dd elementor-widget elementor-widget-image\" data-id=\"d98f7dd\" data-element_type=\"widget\" data-e-type=\"widget\" data-widget_type=\"image.default\">\n\t\t\t\t\t\t\t\t\t\t\t\t\t\t\t<img decoding=\"async\" width=\"800\" height=\"363\" src=\"https:\/\/www.bremax.de\/wp-content\/uploads\/2018\/01\/Cemastir_Unternehmen_Metallreinigung_Teilereinigung_Produktion_Loesemittelanlage_waessrige-Reinigung-1024x465.jpg\" class=\"attachment-large size-large wp-image-3428\" alt=\"\" srcset=\"https:\/\/www.bremax.de\/wp-content\/uploads\/2018\/01\/Cemastir_Unternehmen_Metallreinigung_Teilereinigung_Produktion_Loesemittelanlage_waessrige-Reinigung-1024x465.jpg 1024w, https:\/\/www.bremax.de\/wp-content\/uploads\/2018\/01\/Cemastir_Unternehmen_Metallreinigung_Teilereinigung_Produktion_Loesemittelanlage_waessrige-Reinigung-300x136.jpg 300w, https:\/\/www.bremax.de\/wp-content\/uploads\/2018\/01\/Cemastir_Unternehmen_Metallreinigung_Teilereinigung_Produktion_Loesemittelanlage_waessrige-Reinigung-768x349.jpg 768w, https:\/\/www.bremax.de\/wp-content\/uploads\/2018\/01\/Cemastir_Unternehmen_Metallreinigung_Teilereinigung_Produktion_Loesemittelanlage_waessrige-Reinigung.jpg 1316w\" sizes=\"(max-width: 800px) 100vw, 800px\" \/>\t\t\t\t\t\t\t\t\t\t\t\t\t\t\t<\/div>\n\t\t\t\t<\/div>\n\t\t\t\t<\/div>\n\t\t\t\t<\/div>\n\t\t\t\t<\/div>\n\t\t\t\t\t<\/details>\n\t\t\t\t\t\t<details id=\"e-n-accordion-item-1653\" class=\"e-n-accordion-item\" >\n\t\t\t\t<summary class=\"e-n-accordion-item-title\" data-accordion-index=\"4\" tabindex=\"-1\" aria-expanded=\"false\" aria-controls=\"e-n-accordion-item-1653\" >\n\t\t\t\t\t<span class='e-n-accordion-item-title-header'><div class=\"e-n-accordion-item-title-text\"> 2018 <\/div><\/span>\n\t\t\t\t\t\t\t<span class='e-n-accordion-item-title-icon'>\n\t\t\t<span class='e-opened' ><svg aria-hidden=\"true\" class=\"e-font-icon-svg e-fas-minus\" viewbox=\"0 0 448 512\" xmlns=\"http:\/\/www.w3.org\/2000\/svg\"><path d=\"M416 208H32c-17.67 0-32 14.33-32 32v32c0 17.67 14.33 32 32 32h384c17.67 0 32-14.33 32-32v-32c0-17.67-14.33-32-32-32z\"><\/path><\/svg><\/span>\n\t\t\t<span class='e-closed'><svg aria-hidden=\"true\" class=\"e-font-icon-svg e-fas-plus\" viewbox=\"0 0 448 512\" xmlns=\"http:\/\/www.w3.org\/2000\/svg\"><path d=\"M416 208H272V64c0-17.67-14.33-32-32-32h-32c-17.67 0-32 14.33-32 32v144H32c-17.67 0-32 14.33-32 32v32c0 17.67 14.33 32 32 32h144v144c0 17.67 14.33 32 32 32h32c17.67 0 32-14.33 32-32V304h144c17.67 0 32-14.33 32-32v-32c0-17.67-14.33-32-32-32z\"><\/path><\/svg><\/span>\n\t\t<\/span>\n\n\t\t\t\t\t\t<\/summary>\n\t\t\t\t<div role=\"region\" aria-labelledby=\"e-n-accordion-item-1653\" class=\"elementor-element elementor-element-59babb7 e-con-full e-flex e-con e-child\" data-id=\"59babb7\" data-element_type=\"container\" data-e-type=\"container\" data-settings=\"{&quot;background_background&quot;:&quot;classic&quot;}\">\n\t\t<div role=\"region\" aria-labelledby=\"e-n-accordion-item-1653\" class=\"elementor-element elementor-element-8265eae e-con-full e-flex e-con e-child\" data-id=\"8265eae\" data-element_type=\"container\" data-e-type=\"container\">\n\t\t\t\t<div class=\"elementor-element elementor-element-36ec05d elementor-widget elementor-widget-heading\" data-id=\"36ec05d\" data-element_type=\"widget\" data-e-type=\"widget\" data-widget_type=\"heading.default\">\n\t\t\t\t\t<span class=\"elementor-heading-title elementor-size-default\">Az egykori Cemastir GmbH ( ma BREMAX ) alap\u00edt\u00e1sa.\n<\/span>\t\t\t\t<\/div>\n\t\t<div role=\"region\" aria-labelledby=\"e-n-accordion-item-1653\" class=\"elementor-element elementor-element-5b748dd e-con-full e-flex e-con e-child\" data-id=\"5b748dd\" data-element_type=\"container\" data-e-type=\"container\">\n\t\t<div role=\"region\" aria-labelledby=\"e-n-accordion-item-1653\" class=\"elementor-element elementor-element-a841198 e-con-full e-flex e-con e-child\" data-id=\"a841198\" data-element_type=\"container\" data-e-type=\"container\">\n\t\t\t\t<div class=\"elementor-element elementor-element-f395680 elementor-widget elementor-widget-text-editor\" data-id=\"f395680\" data-element_type=\"widget\" data-e-type=\"widget\" data-widget_type=\"text-editor.default\">\n\t\t\t\t\t\t\t\t\t<div class=\"btText\"><p>A Cemastir t\u00f6rt\u00e9net\u00e9ben 2017 december\u00e9ben \u00fajabb m\u00e9rf\u00f6ldk\u0151re ker\u00fclt sor: \u00fcgyvezet\u0151nk a Cemastir Lavametalli srl-vel k\u00f6z\u00f6sen megalap\u00edtotta a Cemastir GmbH-t Br\u00e9m\u00e1ban.<\/p><p>Christian Mahnken 2008 \u00f3ta sz\u00e1mos projekt sor\u00e1n gazdag nemzetk\u00f6zi tapasztalatot szerzett, amelyet a j\u00f6v\u0151ben a Cemastir GmbH (ma BREMAX) \u00fcgyvezet\u0151 partnerek\u00e9nt hasznos\u00edtani tud.<\/p><p>A br\u00e9mai v\u00e1llalat mellett 2018 janu\u00e1rja \u00f3ta a lohnei Robert-Bosch-Str. 3. sz\u00e1m alatti \u00fczlethelyis\u00e9g is nyitva \u00e1ll. A Cemastir GmbH az alkatr\u00e9sztiszt\u00edt\u00f3 g\u00e9pek \u00e9s speci\u00e1lis rendszerek projekttervez\u00e9s\u00e9vel \u00e9s \u00e9rt\u00e9kes\u00edt\u00e9s\u00e9vel p\u00e1rhuzamosan a szerz\u0151d\u00e9ses zs\u00edrtalan\u00edt\u00e1si \u00e1gazatba is bel\u00e9p, mint szolg\u00e1ltat\u00f3.<\/p><p>A Cemastir GmbH saj\u00e1t tervez\u00e9si r\u00e9szleg\u00e9vel \u00e9s kiv\u00e1l\u00f3an k\u00e9pzett szerviztechnikusaival m\u00e1r a kezdetekt\u0151l fogva az \u00d6n els\u0151 sz\u00e1m\u00fa kapcsolattart\u00f3ja. Csapatunk \u00f6r\u00f6mmel v\u00e1rja, hogy megismerje \u00d6nt.<\/p><\/div>\t\t\t\t\t\t\t\t<\/div>\n\t\t\t\t<\/div>\n\t\t<div role=\"region\" aria-labelledby=\"e-n-accordion-item-1653\" class=\"elementor-element elementor-element-2a5b04e e-con-full e-flex e-con e-child\" data-id=\"2a5b04e\" data-element_type=\"container\" data-e-type=\"container\">\n\t\t\t\t<div class=\"elementor-element elementor-element-9caf435 elementor-widget elementor-widget-video\" data-id=\"9caf435\" data-element_type=\"widget\" data-e-type=\"widget\" data-settings=\"{&quot;youtube_url&quot;:&quot;https:\\\/\\\/youtu.be\\\/FJC0SWbrgRg?si=IhghD_9x7vRC1Uzz&quot;,&quot;video_type&quot;:&quot;youtube&quot;,&quot;controls&quot;:&quot;yes&quot;}\" data-widget_type=\"video.default\">\n\t\t\t\t\t\t\t<div class=\"elementor-wrapper elementor-open-inline\">\n\t\t\t<div class=\"elementor-video\"><\/div>\t\t<\/div>\n\t\t\t\t\t\t<\/div>\n\t\t\t\t<\/div>\n\t\t\t\t<\/div>\n\t\t\t\t<\/div>\n\t\t\t\t<\/div>\n\t\t\t\t\t<\/details>\n\t\t\t\t\t\t<details id=\"e-n-accordion-item-1654\" class=\"e-n-accordion-item\" >\n\t\t\t\t<summary class=\"e-n-accordion-item-title\" data-accordion-index=\"5\" tabindex=\"-1\" aria-expanded=\"false\" aria-controls=\"e-n-accordion-item-1654\" >\n\t\t\t\t\t<span class='e-n-accordion-item-title-header'><div class=\"e-n-accordion-item-title-text\"> 2020 <\/div><\/span>\n\t\t\t\t\t\t\t<span class='e-n-accordion-item-title-icon'>\n\t\t\t<span class='e-opened' ><svg aria-hidden=\"true\" class=\"e-font-icon-svg e-fas-minus\" viewbox=\"0 0 448 512\" xmlns=\"http:\/\/www.w3.org\/2000\/svg\"><path d=\"M416 208H32c-17.67 0-32 14.33-32 32v32c0 17.67 14.33 32 32 32h384c17.67 0 32-14.33 32-32v-32c0-17.67-14.33-32-32-32z\"><\/path><\/svg><\/span>\n\t\t\t<span class='e-closed'><svg aria-hidden=\"true\" class=\"e-font-icon-svg e-fas-plus\" viewbox=\"0 0 448 512\" xmlns=\"http:\/\/www.w3.org\/2000\/svg\"><path d=\"M416 208H272V64c0-17.67-14.33-32-32-32h-32c-17.67 0-32 14.33-32 32v144H32c-17.67 0-32 14.33-32 32v32c0 17.67 14.33 32 32 32h144v144c0 17.67 14.33 32 32 32h32c17.67 0 32-14.33 32-32V304h144c17.67 0 32-14.33 32-32v-32c0-17.67-14.33-32-32-32z\"><\/path><\/svg><\/span>\n\t\t<\/span>\n\n\t\t\t\t\t\t<\/summary>\n\t\t\t\t<div role=\"region\" aria-labelledby=\"e-n-accordion-item-1654\" class=\"elementor-element elementor-element-fd8a242 e-con-full e-flex e-con e-child\" data-id=\"fd8a242\" data-element_type=\"container\" data-e-type=\"container\" data-settings=\"{&quot;background_background&quot;:&quot;classic&quot;}\">\n\t\t<div role=\"region\" aria-labelledby=\"e-n-accordion-item-1654\" class=\"elementor-element elementor-element-c4281e1 e-con-full e-flex e-con e-child\" data-id=\"c4281e1\" data-element_type=\"container\" data-e-type=\"container\">\n\t\t\t\t<div class=\"elementor-element elementor-element-5470b2d elementor-widget elementor-widget-heading\" data-id=\"5470b2d\" data-element_type=\"widget\" data-e-type=\"widget\" data-widget_type=\"heading.default\">\n\t\t\t\t\t<span class=\"elementor-heading-title elementor-size-default\">A Cemastir \u00e1tveszi a FINEP-et\n\n\n<\/span>\t\t\t\t<\/div>\n\t\t<div role=\"region\" aria-labelledby=\"e-n-accordion-item-1654\" class=\"elementor-element elementor-element-579ddf8 e-con-full e-flex e-con e-child\" data-id=\"579ddf8\" data-element_type=\"container\" data-e-type=\"container\">\n\t\t<div role=\"region\" aria-labelledby=\"e-n-accordion-item-1654\" class=\"elementor-element elementor-element-f322d5e e-con-full e-flex e-con e-child\" data-id=\"f322d5e\" data-element_type=\"container\" data-e-type=\"container\">\n\t\t\t\t<div class=\"elementor-element elementor-element-426903c elementor-widget elementor-widget-text-editor\" data-id=\"426903c\" data-element_type=\"widget\" data-e-type=\"widget\" data-widget_type=\"text-editor.default\">\n\t\t\t\t\t\t\t\t\t<div class=\"btText\"><p>A Cemastir tov\u00e1bb n\u00f6vekszik. A FINEP felv\u00e1s\u00e1rl\u00e1s\u00e1val a mil\u00e1n\u00f3i sz\u00e9khely\u0171 DOLLMAR csoportt\u00f3l tov\u00e1bbi piaci r\u00e9szesed\u00e9st szerezt\u00fcnk az ipari alkatr\u00e9sztiszt\u00edt\u00e1s ter\u00fclet\u00e9n, \u00e9s mostant\u00f3l m\u00e9g nagyobb term\u00e9kportf\u00f3li\u00f3t k\u00edn\u00e1lhatunk \u00d6nnek.<\/p><p>Ez egy tov\u00e1bbi fejleszt\u00e9si l\u00e9p\u00e9st jelent, amely el\u0151seg\u00edti az \u00e9rt\u00e9kes\u00edt\u00e9si h\u00e1l\u00f3zat b\u0151v\u00fcl\u00e9s\u00e9t, meger\u0151s\u00edti a kieg\u00e9sz\u00edt\u0151 rendszerek ter\u00e9n megl\u00e9v\u0151 szak\u00e9rtelmet, \u00e9s nagyobb piaci penetr\u00e1ci\u00f3val b\u0151v\u00edti a term\u00e9kpalett\u00e1t.<\/p><p>Strat\u00e9giai szempontb\u00f3l ez az egyes\u00fcl\u00e9s lehet\u0151v\u00e9 teszi sz\u00e1munkra, hogy megszil\u00e1rd\u00edtsuk szak\u00e9rtelm\u00fcnket, \u00e9s tov\u00e1bbi \u00e9rt\u00e9ket adjunk term\u00e9keinkhez, \u00e9rt\u00e9kes\u00edt\u00e9si \u00e9s kereskedelmi tev\u00e9kenys\u00e9geinkhez. V\u00e9gs\u0151 soron azonban \u00fcgyfeleink sz\u00e1m\u00e1ra el\u0151ny\u00f6s lesz, hogy alapos konzult\u00e1ci\u00f3t k\u00f6vet\u0151en mindent egy k\u00e9zb\u0151l kapnak.<\/p><p>\u00dcdv\u00f6z\u00f6lj\u00fck \u00faj koll\u00e9g\u00e1inkat Mil\u00e1n\u00f3ban, \u00e9s v\u00e1rjuk a vel\u00fck val\u00f3 egy\u00fcttm\u0171k\u00f6d\u00e9st.<\/p><\/div>\t\t\t\t\t\t\t\t<\/div>\n\t\t\t\t<\/div>\n\t\t<div role=\"region\" aria-labelledby=\"e-n-accordion-item-1654\" class=\"elementor-element elementor-element-a7e12a2 e-con-full e-flex e-con e-child\" data-id=\"a7e12a2\" data-element_type=\"container\" data-e-type=\"container\">\n\t\t\t\t<div class=\"elementor-element elementor-element-c954097 elementor-widget elementor-widget-image\" data-id=\"c954097\" data-element_type=\"widget\" data-e-type=\"widget\" data-widget_type=\"image.default\">\n\t\t\t\t\t\t\t\t\t\t\t\t\t\t\t<img decoding=\"async\" width=\"800\" height=\"448\" src=\"https:\/\/www.bremax.de\/wp-content\/uploads\/2020\/05\/CEMASTiR_Finep_Dollmar_Wachstum.jpg\" class=\"attachment-large size-large wp-image-3653\" alt=\"\" srcset=\"https:\/\/www.bremax.de\/wp-content\/uploads\/2020\/05\/CEMASTiR_Finep_Dollmar_Wachstum.jpg 930w, https:\/\/www.bremax.de\/wp-content\/uploads\/2020\/05\/CEMASTiR_Finep_Dollmar_Wachstum-300x168.jpg 300w, https:\/\/www.bremax.de\/wp-content\/uploads\/2020\/05\/CEMASTiR_Finep_Dollmar_Wachstum-768x430.jpg 768w\" sizes=\"(max-width: 800px) 100vw, 800px\" \/>\t\t\t\t\t\t\t\t\t\t\t\t\t\t\t<\/div>\n\t\t\t\t<\/div>\n\t\t\t\t<\/div>\n\t\t\t\t<\/div>\n\t\t\t\t<\/div>\n\t\t\t\t\t<\/details>\n\t\t\t\t\t\t<details id=\"e-n-accordion-item-1655\" class=\"e-n-accordion-item\" >\n\t\t\t\t<summary class=\"e-n-accordion-item-title\" data-accordion-index=\"6\" tabindex=\"-1\" aria-expanded=\"false\" aria-controls=\"e-n-accordion-item-1655\" >\n\t\t\t\t\t<span class='e-n-accordion-item-title-header'><div class=\"e-n-accordion-item-title-text\"> 2021 <\/div><\/span>\n\t\t\t\t\t\t\t<span class='e-n-accordion-item-title-icon'>\n\t\t\t<span class='e-opened' ><svg aria-hidden=\"true\" class=\"e-font-icon-svg e-fas-minus\" viewbox=\"0 0 448 512\" xmlns=\"http:\/\/www.w3.org\/2000\/svg\"><path d=\"M416 208H32c-17.67 0-32 14.33-32 32v32c0 17.67 14.33 32 32 32h384c17.67 0 32-14.33 32-32v-32c0-17.67-14.33-32-32-32z\"><\/path><\/svg><\/span>\n\t\t\t<span class='e-closed'><svg aria-hidden=\"true\" class=\"e-font-icon-svg e-fas-plus\" viewbox=\"0 0 448 512\" xmlns=\"http:\/\/www.w3.org\/2000\/svg\"><path d=\"M416 208H272V64c0-17.67-14.33-32-32-32h-32c-17.67 0-32 14.33-32 32v144H32c-17.67 0-32 14.33-32 32v32c0 17.67 14.33 32 32 32h144v144c0 17.67 14.33 32 32 32h32c17.67 0 32-14.33 32-32V304h144c17.67 0 32-14.33 32-32v-32c0-17.67-14.33-32-32-32z\"><\/path><\/svg><\/span>\n\t\t<\/span>\n\n\t\t\t\t\t\t<\/summary>\n\t\t\t\t<div role=\"region\" aria-labelledby=\"e-n-accordion-item-1655\" class=\"elementor-element elementor-element-b1a8a8e e-con-full e-flex e-con e-child\" data-id=\"b1a8a8e\" data-element_type=\"container\" data-e-type=\"container\" data-settings=\"{&quot;background_background&quot;:&quot;classic&quot;}\">\n\t\t<div role=\"region\" aria-labelledby=\"e-n-accordion-item-1655\" class=\"elementor-element elementor-element-0f9818f e-con-full e-flex e-con e-child\" data-id=\"0f9818f\" data-element_type=\"container\" data-e-type=\"container\">\n\t\t\t\t<div class=\"elementor-element elementor-element-2212553 elementor-widget elementor-widget-heading\" data-id=\"2212553\" data-element_type=\"widget\" data-e-type=\"widget\" data-widget_type=\"heading.default\">\n\t\t\t\t\t<span class=\"elementor-heading-title elementor-size-default\">A CEMASTiR srl. sikeresen audit\u00e1lt\n\n\n\n\n<\/span>\t\t\t\t<\/div>\n\t\t\t\t<div class=\"elementor-element elementor-element-546104f elementor-widget elementor-widget-text-editor\" data-id=\"546104f\" data-element_type=\"widget\" data-e-type=\"widget\" data-widget_type=\"text-editor.default\">\n\t\t\t\t\t\t\t\t\t<p>A valid\u00e1lt folyamatok \u00e9s m\u0171veletek rendk\u00edv\u00fcl fontosak egy v\u00e1llalat n\u00f6veked\u00e9se \u00e9s t\u00fal\u00e9l\u00e9se szempontj\u00e1b\u00f3l a mai vil\u00e1gban. \u00d6r\u00f6mmel t\u00e1j\u00e9koztatjuk \u00d6n\u00f6ket, hogy a CEMASTiR Csoport gy\u00e1rt\u00f3\u00fczem\u00fcnk \u00e9s k\u00f6zpontunk sikeresen \u00e1tesett az ISO 9001:2015 tan\u00fas\u00edt\u00e1son.<\/p><p>Ezzel min\u0151s\u00e9gir\u00e1ny\u00edt\u00e1sunk egy \u00fajabb l\u00e9p\u00e9se fejez\u0151d\u00f6tt be.<\/p><p>Az \u00d6n CEMASTiR csapata<\/p>\t\t\t\t\t\t\t\t<\/div>\n\t\t\t\t<div class=\"elementor-element elementor-element-4b40158 elementor-widget elementor-widget-image\" data-id=\"4b40158\" data-element_type=\"widget\" data-e-type=\"widget\" data-widget_type=\"image.default\">\n\t\t\t\t\t\t\t\t\t\t\t\t\t\t\t<img loading=\"lazy\" decoding=\"async\" width=\"726\" height=\"1024\" src=\"https:\/\/www.bremax.de\/wp-content\/uploads\/2021\/07\/ISO-9001.2015-cert-Cemastir-726x1024.png\" class=\"attachment-large size-large wp-image-12725\" alt=\"\" srcset=\"https:\/\/www.bremax.de\/wp-content\/uploads\/2021\/07\/ISO-9001.2015-cert-Cemastir-726x1024.png 726w, https:\/\/www.bremax.de\/wp-content\/uploads\/2021\/07\/ISO-9001.2015-cert-Cemastir-213x300.png 213w, https:\/\/www.bremax.de\/wp-content\/uploads\/2021\/07\/ISO-9001.2015-cert-Cemastir-768x1083.png 768w, https:\/\/www.bremax.de\/wp-content\/uploads\/2021\/07\/ISO-9001.2015-cert-Cemastir.png 848w\" sizes=\"(max-width: 726px) 100vw, 726px\" \/>\t\t\t\t\t\t\t\t\t\t\t\t\t\t\t<\/div>\n\t\t\t\t<\/div>\n\t\t\t\t<\/div>\n\t\t\t\t\t<\/details>\n\t\t\t\t\t\t<details id=\"e-n-accordion-item-1656\" class=\"e-n-accordion-item\" >\n\t\t\t\t<summary class=\"e-n-accordion-item-title\" data-accordion-index=\"7\" tabindex=\"-1\" aria-expanded=\"false\" aria-controls=\"e-n-accordion-item-1656\" >\n\t\t\t\t\t<span class='e-n-accordion-item-title-header'><div class=\"e-n-accordion-item-title-text\"> 2024 <\/div><\/span>\n\t\t\t\t\t\t\t<span class='e-n-accordion-item-title-icon'>\n\t\t\t<span class='e-opened' ><svg aria-hidden=\"true\" class=\"e-font-icon-svg e-fas-minus\" viewbox=\"0 0 448 512\" xmlns=\"http:\/\/www.w3.org\/2000\/svg\"><path d=\"M416 208H32c-17.67 0-32 14.33-32 32v32c0 17.67 14.33 32 32 32h384c17.67 0 32-14.33 32-32v-32c0-17.67-14.33-32-32-32z\"><\/path><\/svg><\/span>\n\t\t\t<span class='e-closed'><svg aria-hidden=\"true\" class=\"e-font-icon-svg e-fas-plus\" viewbox=\"0 0 448 512\" xmlns=\"http:\/\/www.w3.org\/2000\/svg\"><path d=\"M416 208H272V64c0-17.67-14.33-32-32-32h-32c-17.67 0-32 14.33-32 32v144H32c-17.67 0-32 14.33-32 32v32c0 17.67 14.33 32 32 32h144v144c0 17.67 14.33 32 32 32h32c17.67 0 32-14.33 32-32V304h144c17.67 0 32-14.33 32-32v-32c0-17.67-14.33-32-32-32z\"><\/path><\/svg><\/span>\n\t\t<\/span>\n\n\t\t\t\t\t\t<\/summary>\n\t\t\t\t<div role=\"region\" aria-labelledby=\"e-n-accordion-item-1656\" class=\"elementor-element elementor-element-9a340f5 e-con-full e-flex e-con e-child\" data-id=\"9a340f5\" data-element_type=\"container\" data-e-type=\"container\" data-settings=\"{&quot;background_background&quot;:&quot;classic&quot;}\">\n\t\t<div role=\"region\" aria-labelledby=\"e-n-accordion-item-1656\" class=\"elementor-element elementor-element-ad84de1 e-con-full e-flex e-con e-child\" data-id=\"ad84de1\" data-element_type=\"container\" data-e-type=\"container\">\n\t\t\t\t<div class=\"elementor-element elementor-element-0cfc7c7 elementor-widget elementor-widget-heading\" data-id=\"0cfc7c7\" data-element_type=\"widget\" data-e-type=\"widget\" data-widget_type=\"heading.default\">\n\t\t\t\t\t<span class=\"elementor-heading-title elementor-size-default\">A CEMASTiR \u00e9s az iLSA-MC srl. k\u00f6z\u00f6s v\u00e1llalkoz\u00e1st tervez\n\n\n\n<\/span>\t\t\t\t<\/div>\n\t\t\t\t<div class=\"elementor-element elementor-element-f8afb0b elementor-widget elementor-widget-text-editor\" data-id=\"f8afb0b\" data-element_type=\"widget\" data-e-type=\"widget\" data-widget_type=\"text-editor.default\">\n\t\t\t\t\t\t\t\t\t<p>A n\u00f6veked\u00e9s akkor is megt\u00f6rt\u00e9nik, ha k\u00e9t er\u0151s partner egyes\u00edti er\u0151it. A Cemastir Group \u00e9s az iLSA-MC srl. k\u00f6z\u00f6tti \u00e1tfog\u00f3 tervez\u00e9s m\u00e9g 2024-ben kezd\u0151d\u00f6tt.<\/p><p>Ez sz\u00e1mos el\u0151nnyel j\u00e1r \u00fcgyfeleink sz\u00e1m\u00e1ra:<\/p>\t\t\t\t\t\t\t\t<\/div>\n\t\t<div role=\"region\" aria-labelledby=\"e-n-accordion-item-1656\" class=\"elementor-element elementor-element-585df59 e-con-full e-flex e-con e-child\" data-id=\"585df59\" data-element_type=\"container\" data-e-type=\"container\">\n\t\t<div role=\"region\" aria-labelledby=\"e-n-accordion-item-1656\" class=\"elementor-element elementor-element-4b9d3c3 e-con-full e-flex e-con e-child\" data-id=\"4b9d3c3\" data-element_type=\"container\" data-e-type=\"container\">\n\t\t\t\t<div class=\"elementor-element elementor-element-5ac9721 elementor-widget elementor-widget-text-editor\" data-id=\"5ac9721\" data-element_type=\"widget\" data-e-type=\"widget\" data-widget_type=\"text-editor.default\">\n\t\t\t\t\t\t\t\t\t<p>Minden munkat\u00e1rsunk szaktud\u00e1sa nem csak megmarad, hanem a termel\u00e9s, a tervez\u00e9s \u00e9s az \u00e9rt\u00e9kes\u00edt\u00e9s ter\u00fclet\u00e9n dolgoz\u00f3 \u00faj koll\u00e9g\u00e1inkkal szoros egy\u00fcttm\u0171k\u00f6d\u00e9sben egy teljesen \u00faj teljes\u00edtm\u00e9nyszintet fog el\u00e9rni.<\/p>\t\t\t\t\t\t\t\t<\/div>\n\t\t\t\t<\/div>\n\t\t<div role=\"region\" aria-labelledby=\"e-n-accordion-item-1656\" class=\"elementor-element elementor-element-cefbd41 e-con-full e-flex e-con e-child\" data-id=\"cefbd41\" data-element_type=\"container\" data-e-type=\"container\">\n\t\t\t\t<div class=\"elementor-element elementor-element-dd2e427 elementor-widget elementor-widget-text-editor\" data-id=\"dd2e427\" data-element_type=\"widget\" data-e-type=\"widget\" data-widget_type=\"text-editor.default\">\n\t\t\t\t\t\t\t\t\t<p>A feladat az volt, hogy meg\u0151rizz\u00fck a j\u00f3 \u201er\u00e9git\u201c, \u00e9s ny\u00edltan \u00e9s konstrukt\u00edvan dolgozzunk az \u00faj technik\u00e1kon \u00e9s term\u00e9keken. Emellett egyes\u00edtj\u00fck beszerz\u00e9si volumeneinket, hogy tov\u00e1bbra is az egyik legjobb \u00e1r\/teljes\u00edtm\u00e9ny ar\u00e1nyt k\u00edn\u00e1lhassuk \u00fcgyfeleinknek a piacon.<\/p>\t\t\t\t\t\t\t\t<\/div>\n\t\t\t\t<\/div>\n\t\t<div role=\"region\" aria-labelledby=\"e-n-accordion-item-1656\" class=\"elementor-element elementor-element-56f49b3 e-con-full e-flex e-con e-child\" data-id=\"56f49b3\" data-element_type=\"container\" data-e-type=\"container\">\n\t\t\t\t<div class=\"elementor-element elementor-element-1db2deb elementor-widget elementor-widget-text-editor\" data-id=\"1db2deb\" data-element_type=\"widget\" data-e-type=\"widget\" data-widget_type=\"text-editor.default\">\n\t\t\t\t\t\t\t\t\t<p>Alig v\u00e1rjuk, hogy sz\u00e1mos \u00faj koll\u00e9g\u00e1t \u00fcdv\u00f6z\u00f6lhess\u00fcnk \u00e9rt\u00e9kes\u00edt\u00e9si csapatunkban, \u00e9s hogy nagysz\u00e1m\u00fa tov\u00e1bbi szerviztechnikussal b\u0151v\u00edts\u00fck \u00e9rt\u00e9kes\u00edt\u00e9s ut\u00e1ni szervizh\u00e1l\u00f3zatunkat.<\/p>\t\t\t\t\t\t\t\t<\/div>\n\t\t\t\t<\/div>\n\t\t\t\t<\/div>\n\t\t\t\t<div class=\"elementor-element elementor-element-5bd9818 elementor-widget elementor-widget-text-editor\" data-id=\"5bd9818\" data-element_type=\"widget\" data-e-type=\"widget\" data-widget_type=\"text-editor.default\">\n\t\t\t\t\t\t\t\t\t<div class=\"btText\"><p>Ezekben a viharos id\u0151kben is ugyanazzal a c\u00e9llal indulunk el: tov\u00e1bbra is kiv\u00e1l\u00f3 min\u0151s\u00e9g\u0171 term\u00e9keinket k\u00edn\u00e1ljuk \u00fcgyfeleinknek tisztess\u00e9ges \u00e9s \u00e1tl\u00e1that\u00f3 felt\u00e9telek mellett, \u00e9s a j\u00f6v\u0151re n\u00e9zve ide\u00e1lis helyzetben vagyunk, mint szolg\u00e1ltat\u00f3 az \u00e9rt\u00e9kes\u00edt\u00e9s, a szerviztechnikusok, a vev\u0151szolg\u00e1lat \u00e9s a szerz\u0151d\u00e9ses takar\u00edt\u00e1s ter\u00e9n.<\/p><\/div>\t\t\t\t\t\t\t\t<\/div>\n\t\t\t\t<div class=\"elementor-element elementor-element-a84be94 elementor-widget elementor-widget-image\" data-id=\"a84be94\" data-element_type=\"widget\" data-e-type=\"widget\" data-widget_type=\"image.default\">\n\t\t\t\t\t\t\t\t\t\t\t\t\t\t\t<img loading=\"lazy\" decoding=\"async\" width=\"800\" height=\"629\" src=\"https:\/\/www.bremax.de\/wp-content\/uploads\/2025\/11\/Delfino_iLSA_bremax_Joint-venture-1024x805.jpg\" class=\"attachment-large size-large wp-image-13336\" alt=\"\" srcset=\"https:\/\/www.bremax.de\/wp-content\/uploads\/2025\/11\/Delfino_iLSA_bremax_Joint-venture-1024x805.jpg 1024w, https:\/\/www.bremax.de\/wp-content\/uploads\/2025\/11\/Delfino_iLSA_bremax_Joint-venture-300x236.jpg 300w, https:\/\/www.bremax.de\/wp-content\/uploads\/2025\/11\/Delfino_iLSA_bremax_Joint-venture-768x604.jpg 768w, https:\/\/www.bremax.de\/wp-content\/uploads\/2025\/11\/Delfino_iLSA_bremax_Joint-venture-15x12.jpg 15w, https:\/\/www.bremax.de\/wp-content\/uploads\/2025\/11\/Delfino_iLSA_bremax_Joint-venture.jpg 1162w\" sizes=\"(max-width: 800px) 100vw, 800px\" \/>\t\t\t\t\t\t\t\t\t\t\t\t\t\t\t<\/div>\n\t\t\t\t<\/div>\n\t\t\t\t<\/div>\n\t\t\t\t\t<\/details>\n\t\t\t\t\t\t<details id=\"e-n-accordion-item-1657\" class=\"e-n-accordion-item\" >\n\t\t\t\t<summary class=\"e-n-accordion-item-title\" data-accordion-index=\"8\" tabindex=\"-1\" aria-expanded=\"false\" aria-controls=\"e-n-accordion-item-1657\" >\n\t\t\t\t\t<span class='e-n-accordion-item-title-header'><div class=\"e-n-accordion-item-title-text\"> 2025 <\/div><\/span>\n\t\t\t\t\t\t\t<span class='e-n-accordion-item-title-icon'>\n\t\t\t<span class='e-opened' ><svg aria-hidden=\"true\" class=\"e-font-icon-svg e-fas-minus\" viewbox=\"0 0 448 512\" xmlns=\"http:\/\/www.w3.org\/2000\/svg\"><path d=\"M416 208H32c-17.67 0-32 14.33-32 32v32c0 17.67 14.33 32 32 32h384c17.67 0 32-14.33 32-32v-32c0-17.67-14.33-32-32-32z\"><\/path><\/svg><\/span>\n\t\t\t<span class='e-closed'><svg aria-hidden=\"true\" class=\"e-font-icon-svg e-fas-plus\" viewbox=\"0 0 448 512\" xmlns=\"http:\/\/www.w3.org\/2000\/svg\"><path d=\"M416 208H272V64c0-17.67-14.33-32-32-32h-32c-17.67 0-32 14.33-32 32v144H32c-17.67 0-32 14.33-32 32v32c0 17.67 14.33 32 32 32h144v144c0 17.67 14.33 32 32 32h32c17.67 0 32-14.33 32-32V304h144c17.67 0 32-14.33 32-32v-32c0-17.67-14.33-32-32-32z\"><\/path><\/svg><\/span>\n\t\t<\/span>\n\n\t\t\t\t\t\t<\/summary>\n\t\t\t\t<div role=\"region\" aria-labelledby=\"e-n-accordion-item-1657\" class=\"elementor-element elementor-element-4e63e45 e-con-full e-flex e-con e-child\" data-id=\"4e63e45\" data-element_type=\"container\" data-e-type=\"container\" data-settings=\"{&quot;background_background&quot;:&quot;classic&quot;}\">\n\t\t<div role=\"region\" aria-labelledby=\"e-n-accordion-item-1657\" class=\"elementor-element elementor-element-6a37e3c e-con-full e-flex e-con e-child\" data-id=\"6a37e3c\" data-element_type=\"container\" data-e-type=\"container\">\n\t\t\t\t<div class=\"elementor-element elementor-element-8d3ebb5 elementor-widget elementor-widget-heading\" data-id=\"8d3ebb5\" data-element_type=\"widget\" data-e-type=\"widget\" data-widget_type=\"heading.default\">\n\t\t\t\t\t<span class=\"elementor-heading-title elementor-size-default\">A Cemastirb\u00f3l BREMAX lesz\n\n<\/span>\t\t\t\t<\/div>\n\t\t\t\t<div class=\"elementor-element elementor-element-be8ffab elementor-widget elementor-widget-text-editor\" data-id=\"be8ffab\" data-element_type=\"widget\" data-e-type=\"widget\" data-widget_type=\"text-editor.default\">\n\t\t\t\t\t\t\t\t\t<p>\u00dcgyvezet\u0151 partner\u00fcnk, Christian Mahnken \u00e1tveszi a t\u00f6bbs\u00e9gi r\u00e9szv\u00e9nytulajdont a v\u00e1llalatban, \u00e9s saj\u00e1t felel\u0151ss\u00e9g\u00e9re vezeti v\u00e1llalatunkat a j\u00f6v\u0151be. Ez a m\u00e9rf\u00f6ldk\u0151 c\u00e9g\u00fcnk t\u00f6rt\u00e9net\u00e9ben \u00faj fejezetet jelent egy \u00faj z\u00e1szl\u00f3 alatt. A Cemastir GmbH-b\u00f3l 2025.12.01-\u00e9n Bremax GmbH lesz.<\/p><p>Tov\u00e1bbra is az \u00d6n partnerei vagyunk:<\/p><p><img decoding=\"async\" class=\"emoji\" role=\"img\" draggable=\"false\" src=\"https:\/\/s.w.org\/images\/core\/emoji\/16.0.1\/svg\/2705.svg\" alt=\"\u2705\" \/>\u00a0Alkatr\u00e9sztiszt\u00edt\u00f3 rendszerek (old\u00f3szeres \u00e9s vizes b\u00e1zis\u00fa)<\/p><p><img decoding=\"async\" class=\"emoji\" role=\"img\" draggable=\"false\" src=\"https:\/\/s.w.org\/images\/core\/emoji\/16.0.1\/svg\/2705.svg\" alt=\"\u2705\" \/>\u00a0Szerz\u0151d\u00e9ses takar\u00edt\u00e1s<\/p><p><img decoding=\"async\" class=\"emoji\" role=\"img\" draggable=\"false\" src=\"https:\/\/s.w.org\/images\/core\/emoji\/16.0.1\/svg\/2705.svg\" alt=\"\u2705\" \/>\u00a0Szerviz \u00e9s \u00e9rt\u00e9kes\u00edt\u00e9s ut\u00e1ni ( p\u00f3talkatr\u00e9szek )<\/p><p>Ha b\u00e1rmilyen tov\u00e1bbi k\u00e9rd\u00e9se van, k\u00e9rj\u00fck, forduljon hozz\u00e1nk bizalommal.<\/p><p>Az \u00d6n BREMAX csapata<\/p>\t\t\t\t\t\t\t\t<\/div>\n\t\t\t\t<div class=\"elementor-element elementor-element-f341dd8 elementor-widget elementor-widget-image\" data-id=\"f341dd8\" data-element_type=\"widget\" data-e-type=\"widget\" data-widget_type=\"image.default\">\n\t\t\t\t\t\t\t\t\t\t\t\t\t\t\t<img loading=\"lazy\" decoding=\"async\" width=\"800\" height=\"534\" src=\"https:\/\/www.bremax.de\/wp-content\/uploads\/2025\/11\/Bremax_Flagge_Teilereinigung_loesemittel_mafac_Hoeckh_ecoclean_pero_parts2clean_ultraschall_Christian-Mahnken-1024x683.jpg\" class=\"attachment-large size-large wp-image-13341\" alt=\"\" srcset=\"https:\/\/www.bremax.de\/wp-content\/uploads\/2025\/11\/Bremax_Flagge_Teilereinigung_loesemittel_mafac_Hoeckh_ecoclean_pero_parts2clean_ultraschall_Christian-Mahnken-1024x683.jpg 1024w, https:\/\/www.bremax.de\/wp-content\/uploads\/2025\/11\/Bremax_Flagge_Teilereinigung_loesemittel_mafac_Hoeckh_ecoclean_pero_parts2clean_ultraschall_Christian-Mahnken-300x200.jpg 300w, https:\/\/www.bremax.de\/wp-content\/uploads\/2025\/11\/Bremax_Flagge_Teilereinigung_loesemittel_mafac_Hoeckh_ecoclean_pero_parts2clean_ultraschall_Christian-Mahnken-768x512.jpg 768w, https:\/\/www.bremax.de\/wp-content\/uploads\/2025\/11\/Bremax_Flagge_Teilereinigung_loesemittel_mafac_Hoeckh_ecoclean_pero_parts2clean_ultraschall_Christian-Mahnken-18x12.jpg 18w, https:\/\/www.bremax.de\/wp-content\/uploads\/2025\/11\/Bremax_Flagge_Teilereinigung_loesemittel_mafac_Hoeckh_ecoclean_pero_parts2clean_ultraschall_Christian-Mahnken.jpg 1536w\" sizes=\"(max-width: 800px) 100vw, 800px\" \/>\t\t\t\t\t\t\t\t\t\t\t\t\t\t\t<\/div>\n\t\t\t\t<\/div>\n\t\t\t\t<\/div>\n\t\t\t\t\t<\/details>\n\t\t\t\t\t<\/div>\n\t\t\t\t\t\t<\/div>\n\t\t\t\t\t<\/div>\n\t\t\t\t<\/div>\n\t\t\t\t<\/div>","protected":false},"excerpt":{"rendered":"<p>\u00dcber uns \u00dcber uns Milestones of BREMAX Die BREMAX GmbH schaut auf eine jahrzehntelange Historie zur\u00fcck und steht Ihnen heute als internationaler &amp; kompetenter Partner in der Welt der Teilereinigung zur Seite. Wir projektieren und vertreiben Anlagen zur Teilereinigung f\u00fcr nahezu alle Industriebereiche im w\u00e4ssrigen sowie im L\u00f6semittelbereich.Dabei verf\u00fcgt BREMAX \u00fcber eine Fertigungstiefe die ihres [&hellip;]<\/p>\n","protected":false},"author":3,"featured_media":0,"parent":0,"menu_order":0,"comment_status":"closed","ping_status":"closed","template":"","meta":{"footnotes":""},"class_list":["post-3046","page","type-page","status-publish","hentry"],"yoast_head":"<!-- This site is optimized with the Yoast SEO plugin v27.4 - https:\/\/yoast.com\/product\/yoast-seo-wordpress\/ -->\n<title>\u00dcber uns - BREMAX<\/title>\n<meta name=\"robots\" content=\"index, follow, max-snippet:-1, max-image-preview:large, max-video-preview:-1\" \/>\n<link rel=\"canonical\" href=\"https:\/\/www.bremax.de\/hu\/rolunk\/\" \/>\n<meta property=\"og:locale\" content=\"hu_HU\" \/>\n<meta property=\"og:type\" content=\"article\" \/>\n<meta property=\"og:title\" content=\"\u00dcber uns - BREMAX\" \/>\n<meta property=\"og:description\" content=\"\u00dcber uns \u00dcber uns Milestones of BREMAX Die BREMAX GmbH schaut auf eine jahrzehntelange Historie zur\u00fcck und steht Ihnen heute als internationaler &amp; kompetenter Partner in der Welt der Teilereinigung zur Seite. Wir projektieren und vertreiben Anlagen zur Teilereinigung f\u00fcr nahezu alle Industriebereiche im w\u00e4ssrigen sowie im L\u00f6semittelbereich.Dabei verf\u00fcgt BREMAX \u00fcber eine Fertigungstiefe die ihres [&hellip;]\" \/>\n<meta property=\"og:url\" content=\"https:\/\/www.bremax.de\/hu\/rolunk\/\" \/>\n<meta property=\"og:site_name\" content=\"BREMAX\" \/>\n<meta property=\"article:publisher\" content=\"https:\/\/www.facebook.com\/CemastirGermany\/\" \/>\n<meta property=\"article:modified_time\" content=\"2026-01-13T11:49:56+00:00\" \/>\n<meta property=\"og:image\" content=\"https:\/\/www.bremax.de\/wp-content\/uploads\/2025\/11\/AdobeStock_1763339135-scaled.jpeg\" \/>\n\t<meta property=\"og:image:width\" content=\"2560\" \/>\n\t<meta property=\"og:image:height\" content=\"1195\" \/>\n\t<meta property=\"og:image:type\" content=\"image\/jpeg\" \/>\n<meta name=\"twitter:card\" content=\"summary_large_image\" \/>\n<meta name=\"twitter:label1\" content=\"Becs\u00fclt olvas\u00e1si id\u0151\" \/>\n\t<meta name=\"twitter:data1\" content=\"12 perc\" \/>\n<script type=\"application\/ld+json\" class=\"yoast-schema-graph\">{\"@context\":\"https:\\\/\\\/schema.org\",\"@graph\":[{\"@type\":\"WebPage\",\"@id\":\"https:\\\/\\\/www.bremax.de\\\/ueber-uns\\\/\",\"url\":\"https:\\\/\\\/www.bremax.de\\\/ueber-uns\\\/\",\"name\":\"\u00dcber uns - BREMAX\",\"isPartOf\":{\"@id\":\"https:\\\/\\\/www.bremax.de\\\/#website\"},\"primaryImageOfPage\":{\"@id\":\"https:\\\/\\\/www.bremax.de\\\/ueber-uns\\\/#primaryimage\"},\"image\":{\"@id\":\"https:\\\/\\\/www.bremax.de\\\/ueber-uns\\\/#primaryimage\"},\"thumbnailUrl\":\"https:\\\/\\\/www.bremax.de\\\/wp-content\\\/uploads\\\/2025\\\/11\\\/AdobeStock_1763339135-1024x478.jpeg\",\"datePublished\":\"2017-12-01T10:45:28+00:00\",\"dateModified\":\"2026-01-13T11:49:56+00:00\",\"breadcrumb\":{\"@id\":\"https:\\\/\\\/www.bremax.de\\\/ueber-uns\\\/#breadcrumb\"},\"inLanguage\":\"hu\",\"potentialAction\":[{\"@type\":\"ReadAction\",\"target\":[\"https:\\\/\\\/www.bremax.de\\\/ueber-uns\\\/\"]}]},{\"@type\":\"ImageObject\",\"inLanguage\":\"hu\",\"@id\":\"https:\\\/\\\/www.bremax.de\\\/ueber-uns\\\/#primaryimage\",\"url\":\"https:\\\/\\\/www.bremax.de\\\/wp-content\\\/uploads\\\/2025\\\/11\\\/AdobeStock_1763339135-1024x478.jpeg\",\"contentUrl\":\"https:\\\/\\\/www.bremax.de\\\/wp-content\\\/uploads\\\/2025\\\/11\\\/AdobeStock_1763339135-1024x478.jpeg\"},{\"@type\":\"BreadcrumbList\",\"@id\":\"https:\\\/\\\/www.bremax.de\\\/ueber-uns\\\/#breadcrumb\",\"itemListElement\":[{\"@type\":\"ListItem\",\"position\":1,\"name\":\"Startseite\",\"item\":\"https:\\\/\\\/www.bremax.de\\\/\"},{\"@type\":\"ListItem\",\"position\":2,\"name\":\"\u00dcber uns\"}]},{\"@type\":\"WebSite\",\"@id\":\"https:\\\/\\\/www.bremax.de\\\/#website\",\"url\":\"https:\\\/\\\/www.bremax.de\\\/\",\"name\":\"BREMAX\",\"description\":\"\",\"publisher\":{\"@id\":\"https:\\\/\\\/www.bremax.de\\\/#organization\"},\"potentialAction\":[{\"@type\":\"SearchAction\",\"target\":{\"@type\":\"EntryPoint\",\"urlTemplate\":\"https:\\\/\\\/www.bremax.de\\\/?s={search_term_string}\"},\"query-input\":{\"@type\":\"PropertyValueSpecification\",\"valueRequired\":true,\"valueName\":\"search_term_string\"}}],\"inLanguage\":\"hu\"},{\"@type\":\"Organization\",\"@id\":\"https:\\\/\\\/www.bremax.de\\\/#organization\",\"name\":\"BREMAX\",\"url\":\"https:\\\/\\\/www.bremax.de\\\/\",\"logo\":{\"@type\":\"ImageObject\",\"inLanguage\":\"hu\",\"@id\":\"https:\\\/\\\/www.bremax.de\\\/#\\\/schema\\\/logo\\\/image\\\/\",\"url\":\"https:\\\/\\\/www.bremax.de\\\/wp-content\\\/uploads\\\/2025\\\/09\\\/cropped-Logo_BREMAX_Gross_transp-3.png\",\"contentUrl\":\"https:\\\/\\\/www.bremax.de\\\/wp-content\\\/uploads\\\/2025\\\/09\\\/cropped-Logo_BREMAX_Gross_transp-3.png\",\"width\":1000,\"height\":285,\"caption\":\"BREMAX\"},\"image\":{\"@id\":\"https:\\\/\\\/www.bremax.de\\\/#\\\/schema\\\/logo\\\/image\\\/\"},\"sameAs\":[\"https:\\\/\\\/www.facebook.com\\\/CemastirGermany\\\/\"]}]}<\/script>\n<!-- \/ Yoast SEO plugin. -->","yoast_head_json":{"title":"R\u00f3lunk - BREMAX","robots":{"index":"index","follow":"follow","max-snippet":"max-snippet:-1","max-image-preview":"max-image-preview:large","max-video-preview":"max-video-preview:-1"},"canonical":"https:\/\/www.bremax.de\/hu\/rolunk\/","og_locale":"hu_HU","og_type":"article","og_title":"\u00dcber uns - BREMAX","og_description":"\u00dcber uns \u00dcber uns Milestones of BREMAX Die BREMAX GmbH schaut auf eine jahrzehntelange Historie zur\u00fcck und steht Ihnen heute als internationaler &amp; kompetenter Partner in der Welt der Teilereinigung zur Seite. Wir projektieren und vertreiben Anlagen zur Teilereinigung f\u00fcr nahezu alle Industriebereiche im w\u00e4ssrigen sowie im L\u00f6semittelbereich.Dabei verf\u00fcgt BREMAX \u00fcber eine Fertigungstiefe die ihres [&hellip;]","og_url":"https:\/\/www.bremax.de\/hu\/rolunk\/","og_site_name":"BREMAX","article_publisher":"https:\/\/www.facebook.com\/CemastirGermany\/","article_modified_time":"2026-01-13T11:49:56+00:00","og_image":[{"width":2560,"height":1195,"url":"https:\/\/www.bremax.de\/wp-content\/uploads\/2025\/11\/AdobeStock_1763339135-scaled.jpeg","type":"image\/jpeg"}],"twitter_card":"summary_large_image","twitter_misc":{"Becs\u00fclt olvas\u00e1si id\u0151":"12 perc"},"schema":{"@context":"https:\/\/schema.org","@graph":[{"@type":"WebPage","@id":"https:\/\/www.bremax.de\/ueber-uns\/","url":"https:\/\/www.bremax.de\/ueber-uns\/","name":"R\u00f3lunk - BREMAX","isPartOf":{"@id":"https:\/\/www.bremax.de\/#website"},"primaryImageOfPage":{"@id":"https:\/\/www.bremax.de\/ueber-uns\/#primaryimage"},"image":{"@id":"https:\/\/www.bremax.de\/ueber-uns\/#primaryimage"},"thumbnailUrl":"https:\/\/www.bremax.de\/wp-content\/uploads\/2025\/11\/AdobeStock_1763339135-1024x478.jpeg","datePublished":"2017-12-01T10:45:28+00:00","dateModified":"2026-01-13T11:49:56+00:00","breadcrumb":{"@id":"https:\/\/www.bremax.de\/ueber-uns\/#breadcrumb"},"inLanguage":"hu","potentialAction":[{"@type":"ReadAction","target":["https:\/\/www.bremax.de\/ueber-uns\/"]}]},{"@type":"ImageObject","inLanguage":"hu","@id":"https:\/\/www.bremax.de\/ueber-uns\/#primaryimage","url":"https:\/\/www.bremax.de\/wp-content\/uploads\/2025\/11\/AdobeStock_1763339135-1024x478.jpeg","contentUrl":"https:\/\/www.bremax.de\/wp-content\/uploads\/2025\/11\/AdobeStock_1763339135-1024x478.jpeg"},{"@type":"BreadcrumbList","@id":"https:\/\/www.bremax.de\/ueber-uns\/#breadcrumb","itemListElement":[{"@type":"ListItem","position":1,"name":"Startseite","item":"https:\/\/www.bremax.de\/"},{"@type":"ListItem","position":2,"name":"\u00dcber uns"}]},{"@type":"WebSite","@id":"https:\/\/www.bremax.de\/#website","url":"https:\/\/www.bremax.de\/","name":"BREMAX","description":"","publisher":{"@id":"https:\/\/www.bremax.de\/#organization"},"potentialAction":[{"@type":"SearchAction","target":{"@type":"EntryPoint","urlTemplate":"https:\/\/www.bremax.de\/?s={search_term_string}"},"query-input":{"@type":"PropertyValueSpecification","valueRequired":true,"valueName":"search_term_string"}}],"inLanguage":"hu"},{"@type":"Organization","@id":"https:\/\/www.bremax.de\/#organization","name":"BREMAX","url":"https:\/\/www.bremax.de\/","logo":{"@type":"ImageObject","inLanguage":"hu","@id":"https:\/\/www.bremax.de\/#\/schema\/logo\/image\/","url":"https:\/\/www.bremax.de\/wp-content\/uploads\/2025\/09\/cropped-Logo_BREMAX_Gross_transp-3.png","contentUrl":"https:\/\/www.bremax.de\/wp-content\/uploads\/2025\/09\/cropped-Logo_BREMAX_Gross_transp-3.png","width":1000,"height":285,"caption":"BREMAX"},"image":{"@id":"https:\/\/www.bremax.de\/#\/schema\/logo\/image\/"},"sameAs":["https:\/\/www.facebook.com\/CemastirGermany\/"]}]}},"_links":{"self":[{"href":"https:\/\/www.bremax.de\/hu\/wp-json\/wp\/v2\/pages\/3046","targetHints":{"allow":["GET"]}}],"collection":[{"href":"https:\/\/www.bremax.de\/hu\/wp-json\/wp\/v2\/pages"}],"about":[{"href":"https:\/\/www.bremax.de\/hu\/wp-json\/wp\/v2\/types\/page"}],"author":[{"embeddable":true,"href":"https:\/\/www.bremax.de\/hu\/wp-json\/wp\/v2\/users\/3"}],"replies":[{"embeddable":true,"href":"https:\/\/www.bremax.de\/hu\/wp-json\/wp\/v2\/comments?post=3046"}],"version-history":[{"count":127,"href":"https:\/\/www.bremax.de\/hu\/wp-json\/wp\/v2\/pages\/3046\/revisions"}],"predecessor-version":[{"id":13934,"href":"https:\/\/www.bremax.de\/hu\/wp-json\/wp\/v2\/pages\/3046\/revisions\/13934"}],"wp:attachment":[{"href":"https:\/\/www.bremax.de\/hu\/wp-json\/wp\/v2\/media?parent=3046"}],"curies":[{"name":"wp","href":"https:\/\/api.w.org\/{rel}","templated":true}]}}